{"id":47,"date":"2018-03-15T17:16:12","date_gmt":"2018-03-15T16:16:12","guid":{"rendered":"http:\/\/gites-piedsdansleau.com\/?page_id=47"},"modified":"2023-03-08T09:21:37","modified_gmt":"2023-03-08T08:21:37","slug":"tarifs","status":"publish","type":"page","link":"https:\/\/gites-piedsdansleau.com\/index.php\/fr\/tarifs\/","title":{"rendered":"Tarifs et disponibilit\u00e9"},"content":{"rendered":"<p>\u00a0<\/p>\n<p><strong><em>Pour v\u00e9rifier la disponibilit\u00e9 en temps r\u00e9el consultez nos calendriers Airbnb , pour r\u00e9server contactez nous et nous vous feront parvenir un contrat de location.<br \/><\/em><\/strong><\/p>\n<p><em><a href=\"https:\/\/www.airbnb.fr\/rooms\/25060220\/calendar?source_impression_id=p3_1579081105_0t%2BQhQmbwFD5Qa6v&amp;guests=1&amp;adults=1\" target=\"_blank\" rel=\"noopener noreferrer\">Calendrier Gite Gervanne<\/a><\/em><\/p>\n<p><em><a href=\"https:\/\/www.airbnb.fr\/rooms\/43099814?source_impression_id=p3_1618677948_hbgSdczhCyPXyzbV#availability-calendar\" target=\"_blank\" rel=\"noopener noreferrer\">Calendrier g\u00eete de l&rsquo;Olivier<\/a><\/em><\/p>\n<p><em><a href=\"https:\/\/www.airbnb.fr\/rooms\/35527952\/calendar?source_impression_id=p3_1579081518_dhO2kxQ3N%2FmYrc%2FL&amp;guests=1&amp;adults=1\" target=\"_blank\" rel=\"noopener noreferrer\">Calendrier Gite Vercors<\/a><\/em><\/p>\n<p><em><a href=\"https:\/\/www.airbnb.fr\/rooms\/35527952\/calendar?source_impression_id=p3_1579081518_dhO2kxQ3N%2FmYrc%2FL&amp;guests=1&amp;adults=1\" target=\"_blank\" rel=\"noopener noreferrer\">Calendrier Gite de L&rsquo;Estancot<\/a><\/em><\/p>\n<p><strong>\u00a0Pour r\u00e9server ou obtenir des informations:<\/strong><\/p>\n<p>Contactez-nous au 06.85.12.08.57 (S\u00e9bastien)<br \/>ou \u00e9crivez-nous \u00e0 <a href=\"mailto:gites.piedsdansleau@gmail.com\">gites.piedsdansleau@gmail.com<\/a><\/p>\n<table>\n<tbody>\n<tr>\n<td>TARIFS 2023<br \/>Les pieds dans l\u2019eau\u00a0\u00a0\u00a0\u00a0\u00a0\u00a0\u00a0\u00a0\u00a0\u00a0\u00a0\u00a0\u00a0\u00a0\u00a0\u00a0\u00a0\u00a0<\/td>\n<td>G\u00eete Vercors<\/td>\n<td>G\u00eete Gervanne<\/td>\n<td>G\u00eete de l\u2019Olivier<\/td>\n<td>G\u00eete de l\u2019Estancot<\/td>\n<td>\u00a0<\/td>\n<td>\u00a0<\/td>\n<\/tr>\n<tr>\n<td>\u00a0<\/td>\n<td>Capacit\u00e9 3-4 personnes<\/td>\n<td>Capacit\u00e9 4-6 personnes<\/td>\n<td>Capacit\u00e9 5-8 personnes<\/td>\n<td>Capacit\u00e9 3-4 personnes<\/td>\n<td>\u00a0<\/td>\n<td>\u00a0<\/td>\n<\/tr>\n<tr>\n<td>\u00a0<\/td>\n<td>1 chambre + canap\u00e9 + mezzanine<\/td>\n<td>2 chambres + canap\u00e9<\/td>\n<td>2 chambres + canap\u00e9<\/td>\n<td>1 chambre + canap\u00e9<\/td>\n<td>\u00a0<\/td>\n<td>\u00a0<\/td>\n<\/tr>\n<tr>\n<td><strong>HAUTE SAISON \u2013 juillet \/ ao\u00fbt location 7 jours minimum du samedi au samedi<\/strong><\/td>\n<td>1035 \u20ac \/ 7 jours<br \/>capacit\u00e9 3 personnes<\/td>\n<td>\u00a01250\u20ac\/ 7 jours<br \/>capacit\u00e9 4 personnes<\/td>\n<td>1650\u20ac\/ 7 jours<br \/>capacit\u00e9 5 personnes<\/td>\n<td>1200eu\/7 jours capacit\u00e9 3 personnes<\/td>\n<td>\u00a0<\/td>\n<td>\u00a0<\/td>\n<\/tr>\n<tr>\n<td><strong><strong>MOYENNE SAISON \u2013 mai \/juin\/septembre et vacances scolaires \u2013<\/strong><\/strong>\n<p>\u00a0<\/p>\n<p><strong>Deux nuits minimum<br \/>Septembre 3 nuits minimum<\/strong><\/p>\n<\/td>\n<td>85-135\u20ac \/ nuit<br \/>capacit\u00e9 3 personnes<\/td>\n<td>125-155\u20ac \/ nuit<br \/>capacit\u00e9 4 personnes<\/td>\n<td>115-185eu\/nuit<br \/>capacit\u00e9 5 personnes<\/td>\n<td>85-135\u20ac \/nuit<br \/>capacit\u00e9 3 personnes<\/td>\n<td>\u00a0<\/td>\n<td>\u00a0<\/td>\n<\/tr>\n<tr>\n<td><strong><strong>BASSE SAISON \u2013 octobre \u00e0 avril hors vacances scolaires<\/strong><\/strong>\n<p>\u00a0<\/p>\n<p><strong>\u2013 Deux nuits minimum \u2013<br \/>Location au mois possible<\/strong><\/p>\n<\/td>\n<td>70\u00a0 \u20ac \/ nuit\n<p>\u00a0<\/p>\n<p>capacit\u00e9 3 personnes<\/p>\n<\/td>\n<td>85 \u20ac \/ nuit\n<p>\u00a0<\/p>\n<p>Capacit\u00e9 5 personnes<\/p>\n<\/td>\n<td>115 \u20ac \/ nuit\n<p>\u00a0<\/p>\n<p>capacit\u00e9 6 personnes<\/p>\n<\/td>\n<td>85 \u20ac \/ nuit\n<p>\u00a0<\/p>\n<p>Capacit\u00e9 4 personnes<\/p>\n<\/td>\n<td>\u2026<\/td>\n<\/tr>\n<\/tbody>\n<\/table>\n\n\n<p><strong>En suppl\u00e9ment<\/strong>:<\/p>\n\n\n\n<p>Forfait m\u00e9nage <strong>non optionnel<\/strong> : 45eu gite Gervanne,&nbsp; 35eu gite Vercors, 60eu g\u00eete Olivier<\/p>\n\n\n\n<p>Taxe de s\u00e9jour: 1eu\/adulte\/nuit\u00e9e<\/p>\n\n\n\n<p>Location de linge de lit : lits simple 10eu, lit double 15eu.<\/p>\n\n\n\n<p>Location linge de bain 6eu\/pers<\/p>\n","protected":false},"excerpt":{"rendered":"<p>\u00a0 Pour v\u00e9rifier la disponibilit\u00e9 en temps r\u00e9el consultez nos calendriers Airbnb , pour r\u00e9server contactez nous et nous vous feront parvenir un contrat de location. Calendrier Gite Gervanne Calendrier g\u00eete de l&rsquo;Olivier Calendrier Gite Vercors Calendrier Gite de L&rsquo;Estancot \u00a0Pour r\u00e9server ou obtenir des informations: Contactez-nous au 06.85.12.08.57 (S\u00e9bastien)ou \u00e9crivez-nous \u00e0 gites.piedsdansleau@gmail.com TARIFS 2023Les &hellip; <\/p>\n<p class=\"link-more\"><a href=\"https:\/\/gites-piedsdansleau.com\/index.php\/fr\/tarifs\/\" class=\"more-link\">Continuer la lecture<span class=\"screen-reader-text\"> de &laquo;&nbsp;Tarifs et disponibilit\u00e9&nbsp;&raquo;<\/span><\/a><\/p>\n","protected":false},"author":1,"featured_media":0,"parent":0,"menu_order":0,"comment_status":"closed","ping_status":"closed","template":"","meta":[],"_links":{"self":[{"href":"https:\/\/gites-piedsdansleau.com\/index.php\/wp-json\/wp\/v2\/pages\/47"}],"collection":[{"href":"https:\/\/gites-piedsdansleau.com\/index.php\/wp-json\/wp\/v2\/pages"}],"about":[{"href":"https:\/\/gites-piedsdansleau.com\/index.php\/wp-json\/wp\/v2\/types\/page"}],"author":[{"embeddable":true,"href":"https:\/\/gites-piedsdansleau.com\/index.php\/wp-json\/wp\/v2\/users\/1"}],"replies":[{"embeddable":true,"href":"https:\/\/gites-piedsdansleau.com\/index.php\/wp-json\/wp\/v2\/comments?post=47"}],"version-history":[{"count":46,"href":"https:\/\/gites-piedsdansleau.com\/index.php\/wp-json\/wp\/v2\/pages\/47\/revisions"}],"predecessor-version":[{"id":556,"href":"https:\/\/gites-piedsdansleau.com\/index.php\/wp-json\/wp\/v2\/pages\/47\/revisions\/556"}],"wp:attachment":[{"href":"https:\/\/gites-piedsdansleau.com\/index.php\/wp-json\/wp\/v2\/media?parent=47"}],"curies":[{"name":"wp","href":"https:\/\/api.w.org\/{rel}","templated":true}]}}